{"id":1450,"date":"2025-01-29T17:50:07","date_gmt":"2025-01-29T16:50:07","guid":{"rendered":"https:\/\/aumfilms.eu\/?page_id=1450"},"modified":"2025-02-20T14:03:03","modified_gmt":"2025-02-20T13:03:03","slug":"alem","status":"publish","type":"page","link":"https:\/\/aumfilms.eu\/?page_id=1450","title":{"rendered":"Alem"},"content":{"rendered":"\n<h2 class=\"wp-block-heading alignwide has-text-align-center has-custom-color-1-color has-text-color has-link-color has-body-font-family wp-elements-f69ae8ab40f55057836de557f96e2644\" style=\"font-size:clamp(59.696px, 3.731rem + ((1vw - 3.2px) * 6.803), 125px);font-style:normal;font-weight:600\">Alem das pontes<\/h2>\n\n\n\n<h2 class=\"wp-block-heading alignwide has-text-align-center has-accent-5-color has-text-color has-link-color wp-elements-87e6f95f26c1f7b3721b569108ded1e1\" style=\"padding-top:0px;padding-right:0;font-size:clamp(14px, 0.875rem + ((1vw - 3.2px) * 0.625), 20px);\"><br><br><br><br>un film de<\/h2>\n\n\n\n<h2 class=\"wp-block-heading alignwide has-text-align-center has-text-color has-link-color has-body-font-family wp-elements-c82cb0adac797a8ff1da74f7fe0508af\" style=\"border-style:none;border-width:0px;color:#12121280;font-size:clamp(16.293px, 1.018rem + ((1vw - 3.2px) * 0.907), 25px);font-style:normal;font-weight:600\">Pierre-Marie Goulet<\/h2>\n\n\n\n<div class=\"wp-block-columns alignwide is-layout-flex wp-container-core-columns-is-layout-28f84493 wp-block-columns-is-layout-flex\">\n<div class=\"wp-block-column is-layout-flow wp-block-column-is-layout-flow\" style=\"flex-basis:100%\">\n<h2 class=\"wp-block-heading\" style=\"font-size:clamp(14.642px, 0.915rem + ((1vw - 3.2px) * 0.766), 22px);\"><br><br><em>Avec <\/em><strong>Polifonias<\/strong> <em>et<\/em><strong> Encontros<\/strong>, <strong>Au-del\u00e0 des ponts<\/strong> <em>constitue le troisi\u00e8me volet du triptyque r\u00e9alis\u00e9 par <\/em>Pierre-Marie Goulet<em>, cin\u00e9aste fran\u00e7ais, vivant au Portugal depuis de nombreuses ann\u00e9es. Il a su, mieux que quiconque, \u00e9clairer les figures fondatrices du cin\u00e9ma portugais, <\/em>Antonio Reis<em> et <\/em>Paulo Rocha<em>, les confronter et les r\u00e9unir en une tribu informelle et fraternelle aux po\u00e8tes et aux musiciens.<br><br>Sa d\u00e9marche n\u2019a rien d\u2019abstrait, elle se construit et se d\u00e9ploie \u00e0 travers des personnages exceptionnels comme celui de <\/em>Virginia Maria Dias<em>, derni\u00e8re descendante de la po\u00e9sie orale, de <\/em>Kudsi Erguner<em> musicien turc, l&rsquo;un des plus c\u00e9l\u00e8bres joueurs de ney au monde ; elle se nourrit de rencontres et cr\u00e9e des liens, lance des ponts entre des univers o\u00f9 s\u2019incarnent et s\u2019interp\u00e9n\u00e8trent les histoires individuelles et collectives.<\/em><br><br><\/h2>\n\n\n\n<h2 class=\"wp-block-heading has-contrast-3-color has-text-color has-link-color has-body-font-family wp-elements-bcc1d83d26d75d99bf30d262743ca8de\" style=\"font-size:clamp(16.293px, 1.018rem + ((1vw - 3.2px) * 0.907), 25px);font-style:normal;font-weight:700\">\u00c0 propos du film<\/h2>\n<\/div>\n<\/div>\n\n\n\n<div class=\"wp-block-columns alignwide is-layout-flex wp-container-core-columns-is-layout-28f84493 wp-block-columns-is-layout-flex\">\n<div class=\"wp-block-column is-layout-flow wp-block-column-is-layout-flow\" style=\"flex-basis:100%\">\n<h2 class=\"wp-block-heading\" style=\"font-size:clamp(14px, 0.875rem + ((1vw - 3.2px) * 0.625), 20px);\"><strong>Au del\u00e0 des ponts<\/strong>, film de rencontres entre les cultures et les m\u00e9moires portugaise et turque, souhaite concr\u00e9tiser en images et sons le sentiment d\u2019une analogie souterraine, sans doute en partie subjective, entre certaines donn\u00e9es topographiques et culturelles des deux pays.<br><br>Si historiquement, rien ne vient fonder cette mise en relation directe du Portugal avec la Turquie, il est cependant certain que la pr\u00e9sence maure a marqu\u00e9 en profondeur la culture portugaise. De m\u00eame que la culture arabe et musulmane impr\u00e9gnaient fortement la civilisation turque \u00e0 mesure que le peuple progressait en direction de l&rsquo;Ouest, depuis les steppes de Mongolie jusqu\u2019aux rives du Bosphore.<br><br>En provoquant des rencontres entre des hommes et des femmes de ces deux pays, par l\u2019intercession de la musique, du chant et de la po\u00e9sie, mais aussi en invoquant l\u2019esprit des lieux, devrait venir au jour ce qui, au-del\u00e0 des donn\u00e9es historiques, tisse des liens entre deux univers apparemment si distants l\u2019un de l\u2019autre.<br><br>Aussi entendre le rythme du bendir, tambour utilis\u00e9 par les soufis, r\u00e9sonner sur les falaises de la c\u00f4te vicentine portugaise, \u00e9couter le son du ney turc de Kudsi Erguner s\u2019\u00e9lever sur la planicie alentejane ou accompagner un po\u00e8me de Virg\u00ednia Dias, devraient nous amener \u00e0 nous interroger sur des univers humains qui se r\u00e9pondent au-del\u00e0 des fronti\u00e8res de l\u2019espace et du temps.<br><br><\/h2>\n<\/div>\n<\/div>\n\n\n\n<figure class=\"wp-block-gallery alignwide has-nested-images columns-default is-cropped wp-block-gallery-1 is-layout-flex wp-block-gallery-is-layout-flex\">\n<figure class=\"wp-block-image size-large\"><img loading=\"lazy\" decoding=\"async\" width=\"1024\" height=\"679\" data-id=\"1685\" src=\"http:\/\/aumfilms.eu\/wp-content\/uploads\/2025\/02\/Falaise-Ponte-da-Atalaia-Aljezur-1024x679.jpg\" alt=\"\" class=\"wp-image-1685\" srcset=\"https:\/\/aumfilms.eu\/wp-content\/uploads\/2025\/02\/Falaise-Ponte-da-Atalaia-Aljezur-1024x679.jpg 1024w, https:\/\/aumfilms.eu\/wp-content\/uploads\/2025\/02\/Falaise-Ponte-da-Atalaia-Aljezur-300x199.jpg 300w, https:\/\/aumfilms.eu\/wp-content\/uploads\/2025\/02\/Falaise-Ponte-da-Atalaia-Aljezur-768x509.jpg 768w, https:\/\/aumfilms.eu\/wp-content\/uploads\/2025\/02\/Falaise-Ponte-da-Atalaia-Aljezur-1536x1019.jpg 1536w, https:\/\/aumfilms.eu\/wp-content\/uploads\/2025\/02\/Falaise-Ponte-da-Atalaia-Aljezur-2048x1358.jpg 2048w\" sizes=\"auto, (max-width: 1024px) 100vw, 1024px\" \/><\/figure>\n\n\n\n<figure class=\"wp-block-image size-full\"><img loading=\"lazy\" decoding=\"async\" width=\"768\" height=\"576\" data-id=\"1682\" src=\"http:\/\/aumfilms.eu\/wp-content\/uploads\/2025\/02\/Cavalier-Zefiro01.jpeg\" alt=\"\" class=\"wp-image-1682\" srcset=\"https:\/\/aumfilms.eu\/wp-content\/uploads\/2025\/02\/Cavalier-Zefiro01.jpeg 768w, https:\/\/aumfilms.eu\/wp-content\/uploads\/2025\/02\/Cavalier-Zefiro01-300x225.jpeg 300w\" sizes=\"auto, (max-width: 768px) 100vw, 768px\" \/><\/figure>\n\n\n\n<figure class=\"wp-block-image size-large\"><img loading=\"lazy\" decoding=\"async\" width=\"1024\" height=\"681\" data-id=\"1687\" src=\"http:\/\/aumfilms.eu\/wp-content\/uploads\/2025\/02\/Mertola-1024x681.jpg\" alt=\"\" class=\"wp-image-1687\" srcset=\"https:\/\/aumfilms.eu\/wp-content\/uploads\/2025\/02\/Mertola-1024x681.jpg 1024w, https:\/\/aumfilms.eu\/wp-content\/uploads\/2025\/02\/Mertola-300x199.jpg 300w, https:\/\/aumfilms.eu\/wp-content\/uploads\/2025\/02\/Mertola-768x510.jpg 768w, https:\/\/aumfilms.eu\/wp-content\/uploads\/2025\/02\/Mertola-1536x1021.jpg 1536w, https:\/\/aumfilms.eu\/wp-content\/uploads\/2025\/02\/Mertola-2048x1361.jpg 2048w\" sizes=\"auto, (max-width: 1024px) 100vw, 1024px\" \/><\/figure>\n\n\n\n<figure class=\"wp-block-image size-full\"><img loading=\"lazy\" decoding=\"async\" width=\"907\" height=\"512\" data-id=\"1680\" src=\"http:\/\/aumfilms.eu\/wp-content\/uploads\/2025\/02\/Barco-Istanbul-02.jpg\" alt=\"\" class=\"wp-image-1680\" srcset=\"https:\/\/aumfilms.eu\/wp-content\/uploads\/2025\/02\/Barco-Istanbul-02.jpg 907w, https:\/\/aumfilms.eu\/wp-content\/uploads\/2025\/02\/Barco-Istanbul-02-300x169.jpg 300w, https:\/\/aumfilms.eu\/wp-content\/uploads\/2025\/02\/Barco-Istanbul-02-768x434.jpg 768w\" sizes=\"auto, (max-width: 907px) 100vw, 907px\" \/><\/figure>\n\n\n\n<figure class=\"wp-block-image size-large\"><img loading=\"lazy\" decoding=\"async\" width=\"1024\" height=\"651\" data-id=\"1686\" src=\"http:\/\/aumfilms.eu\/wp-content\/uploads\/2025\/02\/lisbonne-cacilheiros_01-1024x651.jpg\" alt=\"\" class=\"wp-image-1686\" srcset=\"https:\/\/aumfilms.eu\/wp-content\/uploads\/2025\/02\/lisbonne-cacilheiros_01-1024x651.jpg 1024w, https:\/\/aumfilms.eu\/wp-content\/uploads\/2025\/02\/lisbonne-cacilheiros_01-300x191.jpg 300w, https:\/\/aumfilms.eu\/wp-content\/uploads\/2025\/02\/lisbonne-cacilheiros_01-768x488.jpg 768w, https:\/\/aumfilms.eu\/wp-content\/uploads\/2025\/02\/lisbonne-cacilheiros_01-1536x977.jpg 1536w, https:\/\/aumfilms.eu\/wp-content\/uploads\/2025\/02\/lisbonne-cacilheiros_01-2048x1302.jpg 2048w\" sizes=\"auto, (max-width: 1024px) 100vw, 1024px\" \/><\/figure>\n\n\n\n<figure class=\"wp-block-image size-large\"><img loading=\"lazy\" decoding=\"async\" width=\"617\" height=\"378\" data-id=\"1681\" src=\"https:\/\/aumfilms.eu\/wp-content\/uploads\/2025\/02\/Barco-Lisboa.png\" alt=\"\" class=\"wp-image-1681\" srcset=\"https:\/\/aumfilms.eu\/wp-content\/uploads\/2025\/02\/Barco-Lisboa.png 617w, https:\/\/aumfilms.eu\/wp-content\/uploads\/2025\/02\/Barco-Lisboa-300x184.png 300w\" sizes=\"auto, (max-width: 617px) 100vw, 617px\" \/><\/figure>\n\n\n\n<figure class=\"wp-block-image size-full\"><img loading=\"lazy\" decoding=\"async\" width=\"768\" height=\"576\" data-id=\"1694\" src=\"http:\/\/aumfilms.eu\/wp-content\/uploads\/2025\/02\/Djerrahi_7-copie.png\" alt=\"\" class=\"wp-image-1694\" srcset=\"https:\/\/aumfilms.eu\/wp-content\/uploads\/2025\/02\/Djerrahi_7-copie.png 768w, https:\/\/aumfilms.eu\/wp-content\/uploads\/2025\/02\/Djerrahi_7-copie-300x225.png 300w\" sizes=\"auto, (max-width: 768px) 100vw, 768px\" \/><\/figure>\n\n\n\n<figure class=\"wp-block-image size-large\"><img loading=\"lazy\" decoding=\"async\" width=\"907\" height=\"512\" data-id=\"1689\" src=\"https:\/\/aumfilms.eu\/wp-content\/uploads\/2025\/02\/NEZIH-BENDIR-01.jpg\" alt=\"\" class=\"wp-image-1689\" srcset=\"https:\/\/aumfilms.eu\/wp-content\/uploads\/2025\/02\/NEZIH-BENDIR-01.jpg 907w, https:\/\/aumfilms.eu\/wp-content\/uploads\/2025\/02\/NEZIH-BENDIR-01-300x169.jpg 300w, https:\/\/aumfilms.eu\/wp-content\/uploads\/2025\/02\/NEZIH-BENDIR-01-768x434.jpg 768w\" sizes=\"auto, (max-width: 907px) 100vw, 907px\" \/><\/figure>\n\n\n\n<figure class=\"wp-block-image size-large\"><img loading=\"lazy\" decoding=\"async\" width=\"1024\" height=\"726\" data-id=\"1693\" src=\"http:\/\/aumfilms.eu\/wp-content\/uploads\/2025\/02\/DJERRAHI-1-copie-1024x726.png\" alt=\"\" class=\"wp-image-1693\" srcset=\"https:\/\/aumfilms.eu\/wp-content\/uploads\/2025\/02\/DJERRAHI-1-copie-1024x726.png 1024w, https:\/\/aumfilms.eu\/wp-content\/uploads\/2025\/02\/DJERRAHI-1-copie-300x213.png 300w, https:\/\/aumfilms.eu\/wp-content\/uploads\/2025\/02\/DJERRAHI-1-copie-768x545.png 768w, https:\/\/aumfilms.eu\/wp-content\/uploads\/2025\/02\/DJERRAHI-1-copie-1536x1090.png 1536w, https:\/\/aumfilms.eu\/wp-content\/uploads\/2025\/02\/DJERRAHI-1-copie.png 1944w\" sizes=\"auto, (max-width: 1024px) 100vw, 1024px\" \/><\/figure>\n\n\n\n<figure class=\"wp-block-image size-large\"><img loading=\"lazy\" decoding=\"async\" width=\"1024\" height=\"671\" data-id=\"1700\" src=\"http:\/\/aumfilms.eu\/wp-content\/uploads\/2025\/02\/Turquie-1994-Rue-pres-hotel-1-1024x671.jpg\" alt=\"\" class=\"wp-image-1700\" srcset=\"https:\/\/aumfilms.eu\/wp-content\/uploads\/2025\/02\/Turquie-1994-Rue-pres-hotel-1-1024x671.jpg 1024w, https:\/\/aumfilms.eu\/wp-content\/uploads\/2025\/02\/Turquie-1994-Rue-pres-hotel-1-300x197.jpg 300w, https:\/\/aumfilms.eu\/wp-content\/uploads\/2025\/02\/Turquie-1994-Rue-pres-hotel-1-768x504.jpg 768w, https:\/\/aumfilms.eu\/wp-content\/uploads\/2025\/02\/Turquie-1994-Rue-pres-hotel-1-1536x1007.jpg 1536w, https:\/\/aumfilms.eu\/wp-content\/uploads\/2025\/02\/Turquie-1994-Rue-pres-hotel-1-2048x1343.jpg 2048w\" sizes=\"auto, (max-width: 1024px) 100vw, 1024px\" \/><\/figure>\n\n\n\n<figure class=\"wp-block-image size-large\"><img loading=\"lazy\" decoding=\"async\" width=\"1024\" height=\"681\" data-id=\"1698\" src=\"http:\/\/aumfilms.eu\/wp-content\/uploads\/2025\/02\/Ponte-alem-DSC_4165-1024x681.jpg\" alt=\"\" class=\"wp-image-1698\" srcset=\"https:\/\/aumfilms.eu\/wp-content\/uploads\/2025\/02\/Ponte-alem-DSC_4165-1024x681.jpg 1024w, https:\/\/aumfilms.eu\/wp-content\/uploads\/2025\/02\/Ponte-alem-DSC_4165-300x199.jpg 300w, https:\/\/aumfilms.eu\/wp-content\/uploads\/2025\/02\/Ponte-alem-DSC_4165-768x511.jpg 768w, https:\/\/aumfilms.eu\/wp-content\/uploads\/2025\/02\/Ponte-alem-DSC_4165-1536x1021.jpg 1536w, https:\/\/aumfilms.eu\/wp-content\/uploads\/2025\/02\/Ponte-alem-DSC_4165-2048x1362.jpg 2048w\" sizes=\"auto, (max-width: 1024px) 100vw, 1024px\" \/><\/figure>\n\n\n\n<figure class=\"wp-block-image size-large\"><img loading=\"lazy\" decoding=\"async\" width=\"1024\" height=\"577\" data-id=\"1697\" src=\"http:\/\/aumfilms.eu\/wp-content\/uploads\/2025\/02\/polifonias-vo-st06-copie-1024x577.jpg\" alt=\"\" class=\"wp-image-1697\" srcset=\"https:\/\/aumfilms.eu\/wp-content\/uploads\/2025\/02\/polifonias-vo-st06-copie-1024x577.jpg 1024w, https:\/\/aumfilms.eu\/wp-content\/uploads\/2025\/02\/polifonias-vo-st06-copie-300x169.jpg 300w, https:\/\/aumfilms.eu\/wp-content\/uploads\/2025\/02\/polifonias-vo-st06-copie-768x433.jpg 768w, https:\/\/aumfilms.eu\/wp-content\/uploads\/2025\/02\/polifonias-vo-st06-copie-1536x866.jpg 1536w, https:\/\/aumfilms.eu\/wp-content\/uploads\/2025\/02\/polifonias-vo-st06-copie.jpg 1746w\" sizes=\"auto, (max-width: 1024px) 100vw, 1024px\" \/><\/figure>\n\n\n\n<figure class=\"wp-block-image size-large\"><img loading=\"lazy\" decoding=\"async\" width=\"1024\" height=\"658\" data-id=\"1696\" src=\"https:\/\/aumfilms.eu\/wp-content\/uploads\/2025\/02\/POLI-Pias-Circulo-1024x658.jpg\" alt=\"\" class=\"wp-image-1696\" srcset=\"https:\/\/aumfilms.eu\/wp-content\/uploads\/2025\/02\/POLI-Pias-Circulo-1024x658.jpg 1024w, https:\/\/aumfilms.eu\/wp-content\/uploads\/2025\/02\/POLI-Pias-Circulo-300x193.jpg 300w, https:\/\/aumfilms.eu\/wp-content\/uploads\/2025\/02\/POLI-Pias-Circulo-768x494.jpg 768w, https:\/\/aumfilms.eu\/wp-content\/uploads\/2025\/02\/POLI-Pias-Circulo-1536x988.jpg 1536w, https:\/\/aumfilms.eu\/wp-content\/uploads\/2025\/02\/POLI-Pias-Circulo.jpg 1765w\" sizes=\"auto, (max-width: 1024px) 100vw, 1024px\" \/><\/figure>\n\n\n\n<figure class=\"wp-block-image size-large\"><img loading=\"lazy\" decoding=\"async\" width=\"454\" height=\"255\" data-id=\"1082\" src=\"https:\/\/aumfilms.eu\/wp-content\/uploads\/2025\/01\/Virginia-Dias.jpg\" alt=\"\" class=\"wp-image-1082\" srcset=\"https:\/\/aumfilms.eu\/wp-content\/uploads\/2025\/01\/Virginia-Dias.jpg 454w, https:\/\/aumfilms.eu\/wp-content\/uploads\/2025\/01\/Virginia-Dias-300x169.jpg 300w\" sizes=\"auto, (max-width: 454px) 100vw, 454px\" \/><\/figure>\n<\/figure>\n","protected":false},"excerpt":{"rendered":"<p>Alem das pontes un film de Pierre-Marie Goulet Avec Polifonias et Encontros, Au-del\u00e0 des ponts constitue le troisi\u00e8me volet du triptyque r\u00e9alis\u00e9 par Pierre-Marie Goulet, cin\u00e9aste fran\u00e7ais, vivant au Portugal depuis de nombreuses ann\u00e9es. Il a su, mieux que quiconque, \u00e9clairer les figures fondatrices du cin\u00e9ma portugais, Antonio Reis et Paulo Rocha, les confronter et [&hellip;]<\/p>\n","protected":false},"author":1,"featured_media":0,"parent":0,"menu_order":0,"comment_status":"closed","ping_status":"closed","template":"","meta":{"footnotes":""},"class_list":["post-1450","page","type-page","status-publish","hentry"],"_links":{"self":[{"href":"https:\/\/aumfilms.eu\/index.php?rest_route=\/wp\/v2\/pages\/1450","targetHints":{"allow":["GET"]}}],"collection":[{"href":"https:\/\/aumfilms.eu\/index.php?rest_route=\/wp\/v2\/pages"}],"about":[{"href":"https:\/\/aumfilms.eu\/index.php?rest_route=\/wp\/v2\/types\/page"}],"author":[{"embeddable":true,"href":"https:\/\/aumfilms.eu\/index.php?rest_route=\/wp\/v2\/users\/1"}],"replies":[{"embeddable":true,"href":"https:\/\/aumfilms.eu\/index.php?rest_route=%2Fwp%2Fv2%2Fcomments&post=1450"}],"version-history":[{"count":10,"href":"https:\/\/aumfilms.eu\/index.php?rest_route=\/wp\/v2\/pages\/1450\/revisions"}],"predecessor-version":[{"id":1709,"href":"https:\/\/aumfilms.eu\/index.php?rest_route=\/wp\/v2\/pages\/1450\/revisions\/1709"}],"wp:attachment":[{"href":"https:\/\/aumfilms.eu\/index.php?rest_route=%2Fwp%2Fv2%2Fmedia&parent=1450"}],"curies":[{"name":"wp","href":"https:\/\/api.w.org\/{rel}","templated":true}]}}